{"id":1110,"date":"2018-02-15T12:04:39","date_gmt":"2018-02-15T11:04:39","guid":{"rendered":"https:\/\/www.vicuscaprarius.com\/?page_id=1110"},"modified":"2023-07-19T18:19:40","modified_gmt":"2023-07-19T16:19:40","slug":"histoire-des-fouilles","status":"publish","type":"page","link":"https:\/\/www.vicuscaprarius.com\/fr\/histoire-des-fouilles\/","title":{"rendered":"Histoire"},"content":{"rendered":"<div class=\"wpb-content-wrapper\"><p>[vc_row equal_height=&#8221;yes&#8221; type=&#8221;container&#8221;][vc_column width=&#8221;1\/2&#8243; css=&#8221;.vc_custom_1501078314436{padding-right: 50px !important;padding-left: 50px !important;}&#8221;][vc_empty_space height=&#8221;10px&#8221;][vc_column_text]<\/p>\n<p style=\"text-align: justify;\">Quand, \u00e0 la fin des ann\u00e9es 90, le management du <strong>Groupe Cremonini<\/strong> a d\u00e9cid\u00e9 de commencer les travaux de construction d&#8217;un centre de restauration combin\u00e9 avec une salle de cin\u00e9ma moderne \u00e0 quelques pas de la Fontaine de Trevi, il n&#8217;aurait jamais imagin\u00e9 que parmi les fondations de ce b\u00e2timent, l&#8217;ancien <span class=\" h-quot\">&#8220;<\/span>cin\u00e9ma Trevi&#8221;, achet\u00e9 en 1985, avait \u00e9t\u00e9 conserv\u00e9 les vestiges d&#8217;un <strong>vaste complexe architectural de l&#8217;\u00e9poque imp\u00e9riale<\/strong>, t\u00e9moignage pr\u00e9cieux du tissu urbain ancien de la ville.<\/p>\n<p style=\"text-align: justify;\">Le chantier a d\u00e9marr\u00e9 en septembre 1999. D\u00e8s les premi\u00e8res phases de l&#8217;intervention, les moyens m\u00e9caniques de transport ont mis en \u00e9vidence la pr\u00e9sence de structures romaines, poussant ainsi la surintendance arch\u00e9ologique de Rome \u00e0 la suspension imm\u00e9diate des travaux.<\/p>\n<p style=\"text-align: justify;\">Mais la disponibilit\u00e9 et l&#8217;enthousiasme du <strong>Cavalier Luigi Cremonini<\/strong>, fondateur et pr\u00e9sident du groupe, d\u00e9cid\u00e9 aussit\u00f4t de <strong>financer enti\u00e8rement les fouilles arch\u00e9ologiques<\/strong>, a permis de lancer une vaste campagne de fouilles <span class=\" h-lparen\">(<\/span>dirig\u00e9e par Antonio Insalaco avec la direction scientifique de Claudio Moccheggiani Carpano), qui devait s&#8217;achever en 2001, et jeter les bases de la cr\u00e9ation d&#8217;un des premiers exemples en Italie de <strong>collaboration vertueuse entre le public et le priv\u00e9.<\/strong><\/p>\n<p>[\/vc_column_text][\/vc_column][vc_column width=&#8221;1\/2&#8243;][vc_single_image image=&#8221;761&#8243; img_size=&#8221;large&#8221; alignment=&#8221;center&#8221;][\/vc_column][\/vc_row][vc_row equal_height=&#8221;yes&#8221; type=&#8221;container&#8221;][vc_column width=&#8221;1\/2&#8243;][vc_single_image image=&#8221;767&#8243; img_size=&#8221;large&#8221; alignment=&#8221;center&#8221; onclick=&#8221;link_image&#8221;][\/vc_column][vc_column width=&#8221;1\/2&#8243; css=&#8221;.vc_custom_1501078263518{padding-right: 50px !important;padding-left: 50px !important;}&#8221;][vc_empty_space height=&#8221;10px&#8221;][vc_column_text]<\/p>\n<p style=\"text-align: justify;\">En effet, \u00e0 cause des structures imposantes mises en lumi\u00e8re et de la valeur historique-artistique des pi\u00e8ces arch\u00e9ologiques trouv\u00e9es, \u00e0 l&#8217;initiative du Groupe Cremonini, le projet original a \u00e9t\u00e9 profond\u00e9ment modifi\u00e9, jusqu&#8217;\u00e0 la cr\u00e9ation d&#8217;un <strong>v\u00e9ritable site mus\u00e9al<\/strong>, aujourd&#8217;hui connu sous le nom de <strong><span class=\" h-quot\">&#8220;<\/span>Vicus Caprarius <span class=\" h-hyphen\">&#8211;<\/span> la Cit\u00e9 de l&#8217;Eau&#8221;.<\/strong><\/p>\n<p style=\"text-align: justify;\">Le <strong>6 avril 2004<\/strong>, le site arch\u00e9ologique a \u00e9t\u00e9 <strong>ouvert en permanence au public<\/strong>, mais l&#8217;histoire des fouilles sous l&#8217;ancien <span class=\" h-quot\">&#8220;<\/span>cin\u00e9ma Trevi&#8221; ne s&#8217;est pas termin\u00e9e.<\/p>\n<p style=\"text-align: justify;\">Les ann\u00e9es suivantes, en effet, le site arch\u00e9ologique a \u00e9t\u00e9 ult\u00e9rieurement d\u00e9velopp\u00e9 et enrichi.<\/p>\n<p style=\"text-align: justify;\">Le 19 d\u00e9cembre 2006, apr\u00e8s une d\u00e9licate restauration de plusieurs mois et r\u00e9alis\u00e9e, sous l&#8217;impulsion du Groupe Cremonini, par Alessandra Barone et Barbara Gregni, de la Cooperative Restauri Archeologici di Roma, sous la direction de Fiorenzo Catalli, Directeur Arch\u00e9ologique de la Surintendance Arch\u00e9ologique de Rome, le <span class=\" h-quot\">&#8220;<\/span>tr\u00e9sor&#8221; d\u00e9couvert au cours des fouilles a \u00e9t\u00e9 expos\u00e9 dans deux expositions sp\u00e9ciales : plus de <strong>800 pi\u00e8ces<\/strong> datables entre le IVe et le Ve si\u00e8cle apr\u00e8s J.-C.<\/p>\n<p>[\/vc_column_text][\/vc_column][\/vc_row][vc_row equal_height=&#8221;yes&#8221; type=&#8221;container&#8221;][vc_column width=&#8221;1\/2&#8243; css=&#8221;.vc_custom_1501078289267{padding-right: 50px !important;padding-left: 50px !important;}&#8221;][vc_empty_space height=&#8221;10px&#8221;][vc_column_text]<\/p>\n<p style=\"text-align: justify;\">Trois ans plus tard, le <strong>22 d\u00e9cembre 2009<\/strong>, l&#8217;am\u00e9nagement de l&#8217;<em>antiquarium<\/em> a \u00e9t\u00e9 d\u00e9finitivement achev\u00e9.<\/p>\n<p style=\"text-align: justify;\">Le <strong>Groupe Cremonini<\/strong> a en effet promu <strong>une nouvelle campagne d&#8217;\u00e9tude des mat\u00e9riaux d\u00e9couverts<\/strong> lors des fouilles et qui sont rest\u00e9s longtemps stock\u00e9s, dans le but de mettre en valeur la phase historique <span class=\" h-quot\">&#8220;<\/span>post-antique&#8221; <span class=\" h-lparen\">(<\/span>Moyen-\u00e2ge, Renaissance, XIXe et XXe si\u00e8cles) qui fait de la zone arch\u00e9ologique un exemple extraordinaire de continuit\u00e9 de vie.<\/p>\n<p style=\"text-align: justify;\"><strong>La restauration des pi\u00e8ces arch\u00e9ologiques, <\/strong>principalement<strong> des objets d&#8217;usage quotidien<\/strong> <span class=\" h-lparen\">(<\/span>pots et assiettes en majolique, couteau et fourchette, marmites et po\u00eales, bouteilles en verre souffl\u00e9 ainsi qu&#8217;une anneau particulier avec cl\u00e9 de boite en bronze et argent), a \u00e9t\u00e9 r\u00e9alis\u00e9e par le Consortium L&#8217;Officina, \u00e9galement dans ce cas sous la direction scientifique de Fiorenzo Catalli, l&#8217;am\u00e9nagement de l&#8217;exposition a \u00e9t\u00e9 r\u00e9alis\u00e9 pour Progetto Artiser s.n.c. par les arch\u00e9ologues Alessandro Ascoli, Giuliano Catalli, Barbara Lepri et Francesca Licordari sous la direction scientifique de Antonio Insalaco, arch\u00e9ologue Conservateur de la Surintendance du Patrimoine Culturel de la Municipalit\u00e9 de Rome.<\/p>\n<p>[\/vc_column_text][\/vc_column][vc_column width=&#8221;1\/2&#8243;][vc_single_image image=&#8221;770&#8243; img_size=&#8221;large&#8221; alignment=&#8221;center&#8221;][\/vc_column][\/vc_row][vc_row equal_height=&#8221;yes&#8221; type=&#8221;container&#8221;][vc_column width=&#8221;1\/2&#8243;][vc_custom_heading text=&#8221;TARIFS&#8221; font_container=&#8221;tag:h2|font_size:24|text_align:center&#8221; use_theme_fonts=&#8221;yes&#8221;][vc_separator color=&#8221;custom&#8221; align=&#8221;align_left&#8221; border_width=&#8221;2&#8243; accent_color=&#8221;#e2b13c&#8221;][vc_column_text]ENTIER : 4,00 \u20ac<\/p>\n<p>R\u00c9DUIT : 2,50 \u20ac (possesseurs de la carte &#8220;Roma Pass&#8221;, \u00e9tudiants 18\/25 ans U.E., enseignants U.E.).<\/p>\n<p>R\u00c9DUCTION EXTRA : 1,00 \u20ac (enfants et jeunes de 14\/18 ans)<\/p>\n<p>GRATUIT : jeunes \u00e2g\u00e9s de moins de 14 ans, \u00e9tudiants universitaires d&#8217;arch\u00e9ologie U.E.<\/p>\n<p>VISITES GUID\u00c9ES SUR R\u00c9SERVATION : 8,00 \u20ac[\/vc_column_text][\/vc_column][vc_column width=&#8221;1\/2&#8243;][vc_custom_heading text=&#8221;R\u00c9SERVATION&#8221; font_container=&#8221;tag:h2|font_size:24|text_align:center&#8221; use_theme_fonts=&#8221;yes&#8221;][vc_separator color=&#8221;custom&#8221; align=&#8221;align_left&#8221; border_width=&#8221;2&#8243; accent_color=&#8221;#e2b13c&#8221;][vc_column_text]<b>La r\u00e9servation est\u00a0toujours recommand\u00e9e. Il est obligatoire le Samedi et le Dimanche et jours f\u00e9ri\u00e9s.<\/b><\/p>\n<p>Il n\u2019y a pas de frais suppl\u00e9mentaires et se fait par t\u00e9l\u00e9phone au +39 339 7786192 (\u00e9galement WhatsApp).\u00a0La ligne t\u00e9l\u00e9phonique est ouverte du mardi au dimanche de 10h \u00e0 16h.[\/vc_column_text][\/vc_column][\/vc_row][vc_row equal_height=&#8221;yes&#8221;][vc_column]\t\t<!-- Onview Section -->\n\t\t<div class=\"container-fluid no-padding onview-section2\">\n\t\t\t\t\t\t\t<div class=\"col-md-5 onview-left\">\n\t\t\t\t\t<!-- Section Header -->\n\t\t\t\t\t<div class=\"section-header2\">\n\t\t\t\t\t\t<i><img decoding=\"async\" src=\"https:\/\/www.vicuscaprarius.com\/wp-content\/plugins\/history-toolkit\/lib\/images\/section-header2-2.png\" alt=\"Section Header\" \/><\/i>\n\t\t\t\t\t\t<span>Pour le touriste<\/span>\t\t\t\t\t\t<h2>HOSPITALIT\u00c9<\/h2>\t\t\t\t\t<\/div><!-- Section Header \/- -->\n\t\t\t\t\t\t\t\t\t\t\t\t\t\t<\/div>\n\t\t\t\t\t\t\t<div class=\"col-md-7 onview-right\" style=\"background-image: url(https:\/\/www.vicuscaprarius.com\/wp-content\/uploads\/2017\/03\/bg_ospitalita_shadow3.jpg);\">\n\t\t\t\t\t\t\t\t\t<div class=\"onview-content\">\n\t\t\t\t\t\t<ul>\n\t\t\t\t\t\t\t<li class='col-md-6 col-sm-6 col-xs-6'><a href=\"http:\/\/www.hotelharrysbartrevi.com\/en\/\" target=\u201d_blank\u201d style=\"font-size:20px; font-family: Cinzel; color: #000;\">HARRY'S BAR HOTEL<\/a> <p style=\"font-size:13px; line-heigt:18px; text-align: center;\">Des chambres modernes, \u00e9l\u00e9gantes et \u00e9quip\u00e9es de tous les conforts<\/p><\/li><li class='col-md-6 col-sm-6 col-xs-6'><a href=\"http:\/\/www.hotelharrysbartrevi.com\/en\/restaurant-bar\/\" target=\u201d_blank\u201d style=\"font-size:20px; font-family: Cinzel; color: #000;\">HARRY'S BAR RESTAURANT<\/a> <p style=\"font-size:13px; line-heigt:18px; text-align: center;\">Ap\u00e9ritifs et cuisine raffin\u00e9e<\/p><\/li><li class='col-md-6 col-sm-6 col-xs-6'><a href=\"\/fr\/food-court-gourme\" style=\"font-size:20px; font-family: Cinzel; color: #000;\">FOOD COURT GOURME<\/a> <p style=\"font-size:13px; line-heigt:18px; text-align: center;\">Grand choix de Food Made in Italy<\/p><\/li><li class='col-md-6 col-sm-6 col-xs-6'><a href=\"http:\/\/www.hotelharrysbartrevi.com\/en\/meeting-events\/\" target=\u201d_blank\u201d style=\"font-size:20px; font-family: Cinzel; color: #000;\">SALLE TREVI<\/a> <p style=\"font-size:13px; line-heigt:18px; text-align: center;\">Lieu unique et polyvalent<\/p><\/li>\t\t\t\t\t\t<\/ul>\n\t\t\t\t\t<\/div>\n\t\t\t\t\t\t\t\t<\/div>\n\t\t<\/div><!-- Onview Section \/- -->\n\t\t[\/vc_column][\/vc_row]<\/p>\n<\/div>","protected":false},"excerpt":{"rendered":"<p>[vc_row equal_height=&#8221;yes&#8221; type=&#8221;container&#8221;][vc_column width=&#8221;1\/2&#8243; css=&#8221;.vc_custom_1501078314436{padding-right: 50px !important;padding-left: 50px !important;}&#8221;][vc_empty_space height=&#8221;10px&#8221;][vc_column_text] Quand, \u00e0 la fin des ann\u00e9es 90, le management du Groupe Cremonini a d\u00e9cid\u00e9 de commencer les travaux de construction d&#8217;un centre de restauration combin\u00e9 avec une salle de cin\u00e9ma moderne \u00e0 quelques pas de la Fontaine de Trevi, il n&#8217;aurait jamais imagin\u00e9 que parmi [&hellip;]<\/p>\n","protected":false},"author":1,"featured_media":0,"parent":0,"menu_order":0,"comment_status":"closed","ping_status":"closed","template":"","meta":{"footnotes":""},"class_list":["post-1110","page","type-page","status-publish","hentry"],"_links":{"self":[{"href":"https:\/\/www.vicuscaprarius.com\/fr\/wp-json\/wp\/v2\/pages\/1110","targetHints":{"allow":["GET"]}}],"collection":[{"href":"https:\/\/www.vicuscaprarius.com\/fr\/wp-json\/wp\/v2\/pages"}],"about":[{"href":"https:\/\/www.vicuscaprarius.com\/fr\/wp-json\/wp\/v2\/types\/page"}],"author":[{"embeddable":true,"href":"https:\/\/www.vicuscaprarius.com\/fr\/wp-json\/wp\/v2\/users\/1"}],"replies":[{"embeddable":true,"href":"https:\/\/www.vicuscaprarius.com\/fr\/wp-json\/wp\/v2\/comments?post=1110"}],"version-history":[{"count":9,"href":"https:\/\/www.vicuscaprarius.com\/fr\/wp-json\/wp\/v2\/pages\/1110\/revisions"}],"predecessor-version":[{"id":8401,"href":"https:\/\/www.vicuscaprarius.com\/fr\/wp-json\/wp\/v2\/pages\/1110\/revisions\/8401"}],"wp:attachment":[{"href":"https:\/\/www.vicuscaprarius.com\/fr\/wp-json\/wp\/v2\/media?parent=1110"}],"curies":[{"name":"wp","href":"https:\/\/api.w.org\/{rel}","templated":true}]}}